{"id":186,"date":"2016-06-03T02:27:31","date_gmt":"2016-06-03T01:27:31","guid":{"rendered":"http:\/\/www.avopro.ca\/avocat\/?page_id=186"},"modified":"2024-10-18T15:43:02","modified_gmt":"2024-10-18T14:43:02","slug":"droit-de-la-personne","status":"publish","type":"page","link":"https:\/\/www.avopro.ca\/avocat\/droit-de-la-personne\/","title":{"rendered":"Droit de la personne"},"content":{"rendered":"\n<h1 class=\"wp-block-heading\">Droit de la personne<\/h1>\n\n\n\n<p>Le droit des personnes est une sp\u00e9cialit\u00e9 du droit civil qui se concentre la capacit\u00e9 juridique des personnes. Ces r\u00e8gles vous accompagnent dans la vie quotidienne. Les droits de la personne&nbsp;constituent des droits fondamentaux qu&rsquo;une soci\u00e9t\u00e9 donn\u00e9e accorde \u00e0 chaque personne.<\/p>\n\n\n\n<p>&nbsp;<\/p>\n\n\n\n<p>&nbsp;<\/p>\n\n\n<div class=\"wp-block-image img-responsive wp-image-300 size-full\">\n<figure class=\"aligncenter\"><img loading=\"lazy\" decoding=\"async\" width=\"635\" height=\"400\" src=\"\/avocat\/wp-content\/uploads\/2016\/06\/droit-de-la-personne.jpg\" alt=\"droit de la personne\" class=\"wp-image-300\" srcset=\"https:\/\/www.avopro.ca\/avocat\/wp-content\/uploads\/2016\/06\/droit-de-la-personne.jpg 635w, https:\/\/www.avopro.ca\/avocat\/wp-content\/uploads\/2016\/06\/droit-de-la-personne-300x189.jpg 300w\" sizes=\"(max-width: 635px) 100vw, 635px\" \/><figcaption class=\"wp-element-caption\">Droits de la personne<\/figcaption><\/figure><\/div>\n\n\n<p>&nbsp;<\/p>\n\n\n\n<p>&nbsp;<\/p>\n\n\n\n<h2 class=\"wp-block-heading\">Droit de l\u2019harmonisation<\/h2>\n\n\n\n<p>&nbsp;<\/p>\n\n\n\n<p>En effet, cette partie du droit, au-del\u00e0 des droits fondamentaux inclut des droits politiques, \u00e9conomiques et judiciaires. Dans le domaine des droits fondamentaux, on peut retenir le droit \u00e0 la vie, \u00e0 la s\u00e9curit\u00e9, le droit \u00e0 l\u2019aide, le droit \u00e0 la religion, la libert\u00e9 d\u2019opinion, le droit au respect de sa vie priv\u00e9e. La loi reconna\u00eet que tous les individus naissent \u00e9gaux. En effet, chaque individu doit avoir un comportement juste et raisonnable. En cas d\u2019arrestation par exemple, l\u2019individu doit aussi \u00eatre trait\u00e9 avec respect.<\/p>\n\n\n\n<p>&nbsp;<\/p>\n\n\n\n<p>&nbsp;<\/p>\n\n\n\n<h2 class=\"wp-block-heading\">Les ayants droit<\/h2>\n\n\n\n<p>&nbsp;<\/p>\n\n\n\n<p>En effet, ces droits vous prot\u00e8gent contre plusieurs aspects de la vie. Ils vous prot\u00e8gent contre toute discrimination li\u00e9e par exemple \u00e0 l\u2019\u00e2ge, au sexe, ou \u00e0 la religion. Ils vous assurent la protection contre toute sorte d\u2019exploitation. Mais le plus important, ils vous soutiennent contre les repr\u00e9sailles, contre toutes les plaintes ou enqu\u00eates men\u00e9es par la justice. Ces r\u00e8gles ont \u00e9t\u00e9 \u00e9tablies pour les personnes, groupes ou organisations, les services publics ou priv\u00e9s. Et seules les institutions f\u00e9d\u00e9rales en sont \u00e9pargn\u00e9es.<\/p>\n\n\n\n<p>&nbsp;<\/p>\n\n\n\n<p>Le texte suivant peut comporter des erreurs d&rsquo;informations, il est important de consulter un avocat.&nbsp;<\/p>\n","protected":false},"excerpt":{"rendered":"<p>Droit de la personne Le droit des personnes est une sp\u00e9cialit\u00e9 du droit civil qui se concentre la capacit\u00e9 juridique des personnes. Ces r\u00e8gles vous accompagnent dans la vie quotidienne. Les droits de la personne&nbsp;constituent des droits fondamentaux qu&rsquo;une soci\u00e9t\u00e9 donn\u00e9e accorde \u00e0 chaque personne. &nbsp; &nbsp; &nbsp; &nbsp; Droit de l\u2019harmonisation &nbsp; En effet, [&hellip;]<\/p>\n","protected":false},"author":1,"featured_media":0,"parent":0,"menu_order":0,"comment_status":"open","ping_status":"open","template":"","meta":{"footnotes":""},"class_list":["post-186","page","type-page","status-publish","hentry"],"_links":{"self":[{"href":"https:\/\/www.avopro.ca\/avocat\/wp-json\/wp\/v2\/pages\/186"}],"collection":[{"href":"https:\/\/www.avopro.ca\/avocat\/wp-json\/wp\/v2\/pages"}],"about":[{"href":"https:\/\/www.avopro.ca\/avocat\/wp-json\/wp\/v2\/types\/page"}],"author":[{"embeddable":true,"href":"https:\/\/www.avopro.ca\/avocat\/wp-json\/wp\/v2\/users\/1"}],"replies":[{"embeddable":true,"href":"https:\/\/www.avopro.ca\/avocat\/wp-json\/wp\/v2\/comments?post=186"}],"version-history":[{"count":9,"href":"https:\/\/www.avopro.ca\/avocat\/wp-json\/wp\/v2\/pages\/186\/revisions"}],"predecessor-version":[{"id":786,"href":"https:\/\/www.avopro.ca\/avocat\/wp-json\/wp\/v2\/pages\/186\/revisions\/786"}],"wp:attachment":[{"href":"https:\/\/www.avopro.ca\/avocat\/wp-json\/wp\/v2\/media?parent=186"}],"curies":[{"name":"wp","href":"https:\/\/api.w.org\/{rel}","templated":true}]}}