{"id":162,"date":"2016-06-02T21:23:36","date_gmt":"2016-06-02T20:23:36","guid":{"rendered":"http:\/\/www.avopro.ca\/avocat\/?page_id=162"},"modified":"2024-10-18T15:50:42","modified_gmt":"2024-10-18T14:50:42","slug":"le-droit-de-la-famille","status":"publish","type":"page","link":"https:\/\/www.avopro.ca\/avocat\/le-droit-de-la-famille\/","title":{"rendered":"Le droit de la famille"},"content":{"rendered":"<div class=\"wp-block-image\">\n<figure class=\"aligncenter\"><img loading=\"lazy\" decoding=\"async\" width=\"840\" height=\"317\" src=\"\/avocat\/wp-content\/uploads\/2016\/06\/avocat-droit-famille.jpg\" alt=\"avocat droit famille\" class=\"wp-image-438\" title=\"avocat droit famille\" srcset=\"https:\/\/www.avopro.ca\/avocat\/wp-content\/uploads\/2016\/06\/avocat-droit-famille.jpg 840w, https:\/\/www.avopro.ca\/avocat\/wp-content\/uploads\/2016\/06\/avocat-droit-famille-300x113.jpg 300w\" sizes=\"(max-width: 840px) 100vw, 840px\" \/><\/figure><\/div>\n\n\n<p><\/p>\n\n\n\n<h1 class=\"wp-block-heading\">Le droit de la famille<\/h1>\n\n\n\n<p>&nbsp;<\/p>\n\n\n\n<p>Le droit de la famille est une sp\u00e9cialit\u00e9 du droit qui \u00e9tudie les relations de groupes d\u2019individus qui sont unis par alliance ou un lien de parent\u00e9. Cette branche met en exergue toutes les lois et r\u00e9glementations par rapport au mariage, au divorce, au concubinage, et la protection de l\u2019enfant. L&rsquo;avocat en droit de la famille ou familial est le sp\u00e9cialiste de ces questions et pourrait \u00eatre charg\u00e9 de vous guider et de vous conseiller selon les besoins.<\/p>\n\n\n\n<p>&nbsp;<\/p>\n\n\n<div class=\"wp-block-image\">\n<figure class=\"aligncenter\"><img loading=\"lazy\" decoding=\"async\" width=\"635\" height=\"400\" src=\"\/avocat\/wp-content\/uploads\/2016\/06\/avocates-droit-famille.jpg\" alt=\"avocates droit famille\" class=\"wp-image-314\" title=\"avocates droit famille\" srcset=\"https:\/\/www.avopro.ca\/avocat\/wp-content\/uploads\/2016\/06\/avocates-droit-famille.jpg 635w, https:\/\/www.avopro.ca\/avocat\/wp-content\/uploads\/2016\/06\/avocates-droit-famille-300x189.jpg 300w\" sizes=\"(max-width: 635px) 100vw, 635px\" \/><\/figure><\/div>\n\n\n<p><\/p>\n\n\n\n<p>&nbsp;<\/p>\n\n\n\n<p>&nbsp;<\/p>\n\n\n\n<h2 class=\"wp-block-heading\">Droit pour mariage, divorce et&nbsp;conjoints de fait<\/h2>\n\n\n\n<p>&nbsp;<\/p>\n\n\n\n<p>Par rapport au mariage, le droit de la famille \u00e9tablit les conditions l\u00e9gales pour faire cette union. Mais aussi, il \u00e9tablit les choix du r\u00e9gime matrimonial notamment, le r\u00e9gime l\u00e9gal, le r\u00e9gime de s\u00e9paration de biens, la communaut\u00e9 des biens. En ce qui concerne les divorces, il \u00e9tablit la r\u00e9glementation de divorce. Pour le concubinage, il \u00e9tablit toutes les r\u00e8gles juridiques du processus. Il traite aussi la l\u00e9gislation relative aux victimes de violences familiales.<\/p>\n\n\n\n<p>&nbsp;<\/p>\n\n\n\n<h2 class=\"wp-block-heading\">Les instances en charge des affaires de droit familial<\/h2>\n\n\n\n<p>&nbsp;<\/p>\n\n\n\n<p>Les probl\u00e8mes familiaux sont trait\u00e9s dans certaines collectivit\u00e9s par la Cour de la famille et la Cour sup\u00e9rieure de justice. On remarque que dans d\u2019autres collectivit\u00e9s, ils sont distinctement trait\u00e9s par deux tribunaux suivant les situations. Cependant, les probl\u00e8mes de divorces sont seulement trait\u00e9s par la Cour sup\u00e9rieure de la justice. Les avocats sont charg\u00e9s de repr\u00e9senter leur client et de fournir des conseils \u00e0 ces derniers dans leurs meilleurs int\u00e9r\u00eats. Les affaires li\u00e9es \u00e0 l\u2019adoption et \u00e0 la protection des enfants sont jug\u00e9es par la Cour de justice.<\/p>\n\n\n\n<p>&nbsp;<\/p>\n\n\n\n<h2 class=\"wp-block-heading\">Un avocat afin de mieux comprendre<\/h2>\n\n\n<div class=\"wp-block-image\">\n<figure class=\"alignleft\"><img loading=\"lazy\" decoding=\"async\" width=\"340\" height=\"227\" src=\"\/avocat\/wp-content\/uploads\/2016\/06\/avocat-familial.jpg\" alt=\"avocat familial\" class=\"wp-image-439\" srcset=\"https:\/\/www.avopro.ca\/avocat\/wp-content\/uploads\/2016\/06\/avocat-familial.jpg 340w, https:\/\/www.avopro.ca\/avocat\/wp-content\/uploads\/2016\/06\/avocat-familial-300x200.jpg 300w\" sizes=\"(max-width: 340px) 100vw, 340px\" \/><\/figure><\/div>\n\n\n<p><br>Le droit familial peut rapidement devenir complexe et de nombreuses interrogations surviennent lorsqu&rsquo;on le questionne. Vue la complexit\u00e9 et l&rsquo;\u00e9tendue de ce type de droit, ainsi que les implications qu&rsquo;il peut avoir sur les membres d&rsquo;une famille, il importe de consulter un avocat si la situation le requiert.<\/p>\n\n\n\n<p>Que l&rsquo;on ait affaire \u00e0 un divorce, une s\u00e9paration, un litige ou une dispute par rapport \u00e0 la garde des enfants ou au versement de l&rsquo;argent de la pension alimentaire, l&rsquo;avocat mandat\u00e9 pour votre cas effectuera toutes les interventions qu&rsquo;il jugera n\u00e9cessaire selon votre situation familiale et ce que vous d\u00e9sirez. Votre avocat accompagnera vous et votre famille \u00e0 travers les diff\u00e9rentes \u00e9tapes et consultations.<\/p>\n\n\n\n<p>&nbsp;<\/p>\n\n\n\n<p>&nbsp;<\/p>\n\n\n\n<p>Toujours v\u00e9rifier avec un avocat les informations, l&rsquo;article suivant peut comporter plusieurs erreurs d&rsquo;informations.<\/p>\n\n\n\n<p>&nbsp;<\/p>\n\n\n\n<p>&nbsp;<\/p>\n","protected":false},"excerpt":{"rendered":"<p>Le droit de la famille &nbsp; Le droit de la famille est une sp\u00e9cialit\u00e9 du droit qui \u00e9tudie les relations de groupes d\u2019individus qui sont unis par alliance ou un lien de parent\u00e9. Cette branche met en exergue toutes les lois et r\u00e9glementations par rapport au mariage, au divorce, au concubinage, et la protection de [&hellip;]<\/p>\n","protected":false},"author":1,"featured_media":0,"parent":0,"menu_order":0,"comment_status":"open","ping_status":"open","template":"","meta":{"footnotes":""},"class_list":["post-162","page","type-page","status-publish","hentry"],"_links":{"self":[{"href":"https:\/\/www.avopro.ca\/avocat\/wp-json\/wp\/v2\/pages\/162"}],"collection":[{"href":"https:\/\/www.avopro.ca\/avocat\/wp-json\/wp\/v2\/pages"}],"about":[{"href":"https:\/\/www.avopro.ca\/avocat\/wp-json\/wp\/v2\/types\/page"}],"author":[{"embeddable":true,"href":"https:\/\/www.avopro.ca\/avocat\/wp-json\/wp\/v2\/users\/1"}],"replies":[{"embeddable":true,"href":"https:\/\/www.avopro.ca\/avocat\/wp-json\/wp\/v2\/comments?post=162"}],"version-history":[{"count":6,"href":"https:\/\/www.avopro.ca\/avocat\/wp-json\/wp\/v2\/pages\/162\/revisions"}],"predecessor-version":[{"id":798,"href":"https:\/\/www.avopro.ca\/avocat\/wp-json\/wp\/v2\/pages\/162\/revisions\/798"}],"wp:attachment":[{"href":"https:\/\/www.avopro.ca\/avocat\/wp-json\/wp\/v2\/media?parent=162"}],"curies":[{"name":"wp","href":"https:\/\/api.w.org\/{rel}","templated":true}]}}